{"id":15,"date":"2018-11-13T10:56:20","date_gmt":"2018-11-13T10:56:20","guid":{"rendered":"http:\/\/pluginspoint.com\/dustrial\/?page_id=15"},"modified":"2026-08-07T15:14:47","modified_gmt":"2026-08-07T16:14:47","slug":"home-3","status":"publish","type":"page","link":"https:\/\/ingt.gov.cv\/ingt\/","title":{"rendered":"INGT"},"content":{"rendered":"<p>[vc_row full_width=&#8221;stretch_row_content_no_spaces&#8221; css=&#8221;.vc_custom_1572544849503{padding-right: 0px !important;padding-left: 0px !important;}&#8221;][vc_column css=&#8221;.vc_custom_1542109616968{padding-right: 0px !important;padding-left: 0px !important;}&#8221;]\n<script>\n  jQuery(window).on('load', function () {\n\n    \/\/ mainSlider\n    function mainSlider() {\n        var BasicSlider = jQuery('.slider-activee');\n        BasicSlider.on('init', function (e, slick) {\n            var $firstAnimatingElements = jQuery('.single-slider:first-child').find('[data-animation]');\n            doAnimations($firstAnimatingElements);\n        });\n        BasicSlider.on('beforeChange', function (e, slick, currentSlide, nextSlide) {\n            var $animatingElements = jQuery('.single-slider[data-slick-index=\"' + nextSlide + '\"]').find('[data-animation]');\n            doAnimations($animatingElements);\n        });\n        BasicSlider.slick({\n            autoplay: true,\n            autoplaySpeed: 10000,\n            dots: true,\n            fade: true,\n            arrows: false,\n            prevArrow: '<button type=\"button\" class=\"slick-prev\"><i class=\"fas fa-angle-left\"><\/i><\/button>',\n            nextArrow: '<button type=\"button\" class=\"slick-next\"><i class=\"fas fa-angle-right\"><\/i><\/button>',\n            responsive: [\n                { breakpoint: 767, settings: { dots: false, arrows: false } }\n            ]\n        });\n\n        function doAnimations(elements) {\n            var animationEndEvents = 'webkitAnimationEnd mozAnimationEnd MSAnimationEnd oanimationend animationend';\n            elements.each(function () {\n                var $this = jQuery(this);\n                var $animationDelay = $this.data('delay');\n                var $animationType = 'animated ' + $this.data('animation');\n                $this.css({\n                    'animation-delay': $animationDelay,\n                    '-webkit-animation-delay': $animationDelay\n                });\n                $this.addClass($animationType).one(animationEndEvents, function () {\n                    $this.removeClass($animationType);\n                });\n            });\n        }\n    }\n    mainSlider();\n\n\n  });\n<\/script>\n\n\n<style type=\"text\/css\">\n  .bg-black-overlay:before{\n    background: #0a0a0a;\n    opacity: 0.6;\n  }\n  .bg-black-overlay-two:before{\n    background: #0a0a0a;\n    opacity: 0.6;\n  }\n  .bg-black-overlay-three:before{\n    background: #0a0a0a;\n    opacity: 0.6;\n  }\n<\/style>\n\n\n    <!-- h1 slider area -->\n    <section class=\"slider-area-wrap\">\n      <div class=\"slider-activee\">\n        \n        <div class=\"single-slider bg-black-overlay d-flex align-items-center\" style=\"background-image:url(https:\/\/ingt.gov.cv\/ingt\/wp-content\/uploads\/2026\/08\/IMG_5087.jpg)\">\n          <div class=\"container\">\n            <div class=\"row\">\n              <div class=\"col-lg-12 col-12 text-left\">\n                <div class=\"slider-content\">\n                  <h3 data-animation=\"fadeInUp\" data-delay=\".2s\"><\/h3>                  <h2 data-animation=\"fadeInUp\" data-delay=\".4s\">Reuni\u00e3o Institucional entre o INGT e o ONU-Habitat Cabo Verde<\/h2>\n                  <p data-animation=\"fadeInUp\" data-delay=\".6s\">O Instituto Nacional de Gest\u00e3o do Territ\u00f3rio (INGT) recebeu nas suas instala\u00e7\u00f5es, para uma reuni\u00e3o institucional a Coordenadora de Programas do ONU-Habitat Cabo Verde.\nA reuni\u00e3o teve como objetivos fazer um ponto de situa\u00e7\u00e3o de iniciativas conjuntas, refor\u00e7ar os la\u00e7os institucionais de coopera\u00e7\u00e3o e identificar oportunidades de colabora\u00e7\u00e3o em \u00e1reas de interesse comum. \nNa ocasi\u00e3o, o ONU-Habitat Cabo Verde reiterou a sua total disponibilidade para continuar a colaborar com o INGT, apoiando iniciativas que contribuam para o ordenamento do territ\u00f3rio, desenvolvimento urbano sustent\u00e1vel, a promo\u00e7\u00e3o de cidades e comunidades mais resilientes e sustent\u00e1veis.\nO INGT, por sua vez, reafirmou  o seu compromisso em fortalecer parcerias estrat\u00e9gicas que promovam solu\u00e7\u00f5es inovadoras e sustent\u00e1veis para o desenvolvimento do territ\u00f3rio.\nINGT \u2013 Conhecer o territ\u00f3rio para planear o futuro.\n#INGT #ONUHabitat #CaboVerde #Coopera\u00e7\u00e3oInstitucional #OrdenamentoDoTerrit\u00f3rio #PlaneamentoUrbano #DesenvolvimentoSustent\u00e1vel #Gest\u00e3oDoTerrit\u00f3rio\n<\/p>\n                <\/div>\n                <div class=\"slider-buttons\">\n                                                    <\/div>\n              <\/div>\n            <\/div>\n          <\/div>\n        <\/div>\n\n        \n        <div class=\"single-slider bg-black-overlay d-flex align-items-center\" style=\"background-image:url(https:\/\/ingt.gov.cv\/ingt\/wp-content\/uploads\/2026\/08\/763240313_1361750442801833_8082982099170456689_n.jpg)\">\n          <div class=\"container\">\n            <div class=\"row\">\n              <div class=\"col-lg-12 col-12 text-left\">\n                <div class=\"slider-content\">\n                  <h3 data-animation=\"fadeInUp\" data-delay=\".2s\"><\/h3>                  <h2 data-animation=\"fadeInUp\" data-delay=\".4s\">Coordenar para avan\u00e7ar <\/h2>\n                  <p data-animation=\"fadeInUp\" data-delay=\".6s\">No \u00e2mbito do fortalecimento da coordena\u00e7\u00e3o interna e da melhoria cont\u00ednua dos processos de trabalho, decorreram hoje reuni\u00f5es com os servi\u00e7os do Instituto, nomeadamente o \ud835\udde6\ud835\uddf2\ud835\uddff\ud835\ude03\ud835\uddf6\ud835\uddf0\u0327\ud835\uddfc \ud835\uddf1\ud835\uddf2 \ud835\uddda\ud835\uddf2\ud835\ude00\ud835\ude01\ud835\uddee\u0303\ud835\uddfc \ud835\uddf1\ud835\uddfc \ud835\udde2\ud835\uddff\ud835\uddf1\ud835\uddf2\ud835\uddfb\ud835\uddee\ud835\uddfa\ud835\uddf2\ud835\uddfb\ud835\ude01\ud835\uddfc \ud835\uddf1\ud835\uddfc \ud835\udde7\ud835\uddf2\ud835\uddff\ud835\uddff\ud835\uddf6\ud835\ude01\ud835\uddfc\u0301\ud835\uddff\ud835\uddf6\ud835\uddfc \ud835\uddf2 \ud835\uddd7\ud835\uddf2\ud835\ude00\ud835\uddf2\ud835\uddfb\ud835\ude03\ud835\uddfc\ud835\uddf9\ud835\ude03\ud835\uddf6\ud835\uddfa\ud835\uddf2\ud835\uddfb\ud835\ude01\ud835\uddfc \ud835\udde8\ud835\uddff\ud835\uddef\ud835\uddee\ud835\uddfb\ud835\uddfc, o \ud835\udde6\ud835\uddf2\ud835\uddff\ud835\ude03\ud835\uddf6\ud835\uddf0\u0327\ud835\uddfc \ud835\uddf1\ud835\uddf2 \ud835\uddd6\ud835\uddee\ud835\uddff\ud835\ude01\ud835\uddfc\ud835\uddf4\ud835\uddff\ud835\uddee\ud835\uddf3\ud835\uddf6\ud835\uddee \ud835\uddf2 \ud835\uddd6\ud835\uddee\ud835\uddf1\ud835\uddee\ud835\ude00\ud835\ude01\ud835\uddff\ud835\uddfc \ud835\udde3\ud835\uddff\ud835\uddf2\ud835\uddf1\ud835\uddf6\ud835\uddee\ud835\uddf9 e o \ud835\udde6\ud835\uddf2\ud835\uddff\ud835\ude03\ud835\uddf6\ud835\uddf0\u0327\ud835\uddfc \ud835\uddf1\ud835\uddf2 \ud835\uddd4\ud835\uddf1\ud835\uddfa\ud835\uddf6\ud835\uddfb\ud835\uddf6\ud835\ude00\ud835\ude01\ud835\uddff\ud835\uddee\ud835\uddf0\u0327\ud835\uddee\u0303\ud835\uddfc, \ud835\udde5\ud835\uddf2\ud835\uddf0\ud835\ude02\ud835\uddff\ud835\ude00\ud835\uddfc\ud835\ude00 \ud835\udddb\ud835\ude02\ud835\uddfa\ud835\uddee\ud835\uddfb\ud835\uddfc\ud835\ude00 \ud835\uddf2 \ud835\uddd9\ud835\uddf6\ud835\uddfb\ud835\uddee\ud835\uddfb\ud835\uddf0\u0327\ud835\uddee\ud835\ude00.\nOs encontros tiveram como prop\u00f3sito primordial harmonizar as atividades em desenvolvimento, consolidar os mecanismos de articula\u00e7\u00e3o e comunica\u00e7\u00e3o entre os diversos servi\u00e7os, estabelecer prioridades estrat\u00e9gicas e fomentar uma atua\u00e7\u00e3o progressivamente mais integrada, eficiente e orientada para o pleno cumprimento da miss\u00e3o institucional.\nO INGT - Instituto Nacional de Gest\u00e3o do Territ\u00f3rio reafirma o seu compromisso com uma gest\u00e3o participativa, transparente e focada na melhoria da qualidade dos servi\u00e7os prestados aos cidad\u00e3os e ao desenvolvimento sustent\u00e1vel do territ\u00f3rio.\nJuntos, constru\u00edmos uma institui\u00e7\u00e3o mais forte, organizada e preparada para responder aos desafios do presente e do futuro.<\/p>\n                <\/div>\n                <div class=\"slider-buttons\">\n                                                    <\/div>\n              <\/div>\n            <\/div>\n          <\/div>\n        <\/div>\n\n        \n        <div class=\"single-slider bg-black-overlay d-flex align-items-center\" style=\"background-image:url(https:\/\/ingt.gov.cv\/ingt\/wp-content\/uploads\/2026\/07\/759508855_1723692198875757_8743580579222753673_n.jpeg)\">\n          <div class=\"container\">\n            <div class=\"row\">\n              <div class=\"col-lg-12 col-12 text-left\">\n                <div class=\"slider-content\">\n                  <h3 data-animation=\"fadeInUp\" data-delay=\".2s\"><\/h3>                  <h2 data-animation=\"fadeInUp\" data-delay=\".4s\">Novo Conselho Diretivo do INGT toma posse com compromisso de refor\u00e7ar o ordenamento do territ\u00f3rio e a moderniza\u00e7\u00e3o institucional<\/h2>\n                  <p data-animation=\"fadeInUp\" data-delay=\".6s\">O novo Conselho Diretivo do Instituto Nacional de Gest\u00e3o do Territ\u00f3rio (INGT) tomou posse esta quarta-feira, 29 de julho, numa cerim\u00f3nia presidida pelo Ministro das Infraestruturas, Habita\u00e7\u00e3o e Ordenamento do Territ\u00f3rio, Dr. Carlos Tavares, realizada na Sala de Confer\u00eancias do Pal\u00e1cio do Governo, na cidade da Praia.\nNa ocasi\u00e3o, a Presidente do Conselho Diretivo do INGT, Jeiza Barbosa, reafirmou o compromisso da nova equipa em promover uma gest\u00e3o moderna, eficiente e inovadora do territ\u00f3rio nacional. Destacou como prioridades do mandato o refor\u00e7o do ordenamento do territ\u00f3rio, a moderniza\u00e7\u00e3o institucional, a valoriza\u00e7\u00e3o da informa\u00e7\u00e3o geogr\u00e1fica e a acelera\u00e7\u00e3o da transi\u00e7\u00e3o digital, pilares fundamentais para um desenvolvimento sustent\u00e1vel e uma melhor presta\u00e7\u00e3o de servi\u00e7os aos cidad\u00e3os.\nNa sua interven\u00e7\u00e3o, o Ministro das Infraestruturas, Habita\u00e7\u00e3o e Ordenamento do Territ\u00f3rio, Dr. Carlos Tavares, destacou que a tomada de posse do novo Conselho Diretivo representa o refor\u00e7o do compromisso do Governo com uma gest\u00e3o estrat\u00e9gica, moderna e eficaz do territ\u00f3rio nacional. Sublinhou, igualmente, o papel do INGT na implementa\u00e7\u00e3o das pol\u00edticas p\u00fablicas de ordenamento do territ\u00f3rio, gest\u00e3o da informa\u00e7\u00e3o geogr\u00e1fica e apoio ao desenvolvimento equilibrado e sustent\u00e1vel do pa\u00eds.\nAl\u00e9m da Presidente Jeiza Barbosa, tomaram posse como vogais executivos do Conselho Diretivo do INGT, Euda Miranda e Renato Jorge Semedo, que passam a integrar a nova equipa respons\u00e1vel pela lideran\u00e7a da institui\u00e7\u00e3o.\nPraia, 29 de julho de 2026<\/p>\n                <\/div>\n                <div class=\"slider-buttons\">\n                                                    <\/div>\n              <\/div>\n            <\/div>\n          <\/div>\n        <\/div>\n\n        \n        <div class=\"single-slider bg-black-overlay d-flex align-items-center\" style=\"background-image:url(https:\/\/ingt.gov.cv\/ingt\/wp-content\/uploads\/2026\/07\/1313355a-05cb-43fa-b28f-bd0b5f6fbb5d.jpeg)\">\n          <div class=\"container\">\n            <div class=\"row\">\n              <div class=\"col-lg-12 col-12 text-left\">\n                <div class=\"slider-content\">\n                  <h3 data-animation=\"fadeInUp\" data-delay=\".2s\"><\/h3>                  <h2 data-animation=\"fadeInUp\" data-delay=\".4s\">INGT \u2013 Conselho Diretivo dirige a 1.\u00aa Reuni\u00e3o Geral com os colaboradores<\/h2>\n                  <p data-animation=\"fadeInUp\" data-delay=\".6s\">O INGT - Instituto Nacional de Gest\u00e3o do Territ\u00f3rio (INGT) realizou, na manh\u00e3 de hoje, ap\u00f3s a posse do novo C.D., a sua 1.\u00aa Reuni\u00e3o Geral, um encontro que marcou a apresenta\u00e7\u00e3o formal do novo Conselho Diretivo aos colaboradores, bem como a recolha de subs\u00eddios iniciais e a partilha de informa\u00e7\u00f5es relevantes para o funcionamento da institui\u00e7\u00e3o.\nDurante a sess\u00e3o, o Conselho Diretivo reiterou a import\u00e2ncia de uma comunica\u00e7\u00e3o institucional clara, transparente e permanente, destacando-a como um dos pilares para o fortalecimento da coopera\u00e7\u00e3o entre os servi\u00e7os, a melhoria do desempenho organizacional e a consolida\u00e7\u00e3o de uma cultura de trabalho orientada para resultados.\nNa ocasi\u00e3o, foi igualmente refor\u00e7ada a necessidade de promover um ambiente institucional assente no profissionalismo, na responsabilidade, na \u00e9tica, no esp\u00edrito de equipa e no compromisso com a miss\u00e3o do INGT. O Conselho Diretivo sublinhou que o di\u00e1logo construtivo, a valoriza\u00e7\u00e3o dos colaboradores, a coordena\u00e7\u00e3o entre as diferentes \u00e1reas e a procura cont\u00ednua pela efici\u00eancia, inova\u00e7\u00e3o e qualidade dos servi\u00e7os s\u00e3o fatores determinantes para o fortalecimento da institui\u00e7\u00e3o.\nOs colaboradores acolheram o novo Conselho Diretivo com votos de boas-vindas e manifestaram total disponibilidade para colaborar na concretiza\u00e7\u00e3o dos objetivos estrat\u00e9gicos do Instituto. Num ambiente de abertura e di\u00e1logo, reafirmaram o seu compromisso em trabalhar de forma conjunta, partilhando experi\u00eancias, conhecimentos e contributos que possam impulsionar o desenvolvimento institucional e a melhoria cont\u00ednua dos servi\u00e7os prestados aos cidad\u00e3os.<\/p>\n                <\/div>\n                <div class=\"slider-buttons\">\n                                                    <\/div>\n              <\/div>\n            <\/div>\n          <\/div>\n        <\/div>\n\n              <\/div>\n    <\/section>\n    <!-- End h1 slider area -->\n    [\/vc_column][\/vc_row][vc_row css=&#8221;.vc_custom_1571937823415{padding-top: 100px !important;padding-bottom: 66px !important;}&#8221; el_class=&#8221;responsive-cols&#8221;][vc_column width=&#8221;1\/2&#8243; css=&#8221;.vc_custom_1542109616968{padding-right: 0px !important;padding-left: 0px !important;}&#8221;][vc_single_image image=&#8221;2806&#8243; img_size=&#8221;full&#8221; css=&#8221;.vc_custom_1777983754276{padding-right: 35px !important;}&#8221;][\/vc_column][vc_column width=&#8221;1\/2&#8243;]\n    <div class=\" dustrial-stitle-6a965b0203c9e section-title  wow fadeInUp\">\n      <div class=\"section-thumb\"><img decoding=\"async\" src=\"https:\/\/ingt.gov.cv\/ingt\/wp-content\/uploads\/2019\/10\/ingt_.png\" alt=\"title icon\"><\/div>\n      <div class=\"section-body\">\n        <h6 class=\"sub-title activeColor\"><\/h6>\n        <h3 class=\"m-0 main-title\">A Institui\u00e7\u00e3o<\/h3>\n      <\/div>\n    <\/div>\n\n  [vc_row_inner][vc_column_inner width=&#8221;1\/2&#8243;]\n    <div class=\"dustrial-picons-6a965b0203f65  featured-item wow fadeInUp\">\n            <div class=\"featured-icon\">\n        <i class=\"fa fa-bullhorn\"><\/i>\n      <\/div>\n            <h5 class=\"featured-item-title\">Sobre<\/h5>\n      <p class=\"featured-content\">O INGT \u00e9 a entidade do Estado de Cabo Verde que zela pela boa organiza\u00e7\u00e3o do seu territ\u00f3rio, por via da promo\u00e7\u00e3o de pol\u00edticas e de pr\u00e1ticas que visam garantir o desenvolvimento harmonioso e sustent\u00e1vel do pa\u00eds.<\/p>\n    <\/div>\n\n  \n  [\/vc_column_inner][vc_column_inner width=&#8221;1\/2&#8243;]\n    <div class=\"dustrial-picons-6a965b0203f94  featured-item wow fadeInUp\">\n            <div class=\"featured-icon\">\n        <i class=\"fa fa-compass\"><\/i>\n      <\/div>\n            <h5 class=\"featured-item-title\">Miss\u00e3o<\/h5>\n      <p class=\"featured-content\">Zelar pela boa organiza\u00e7\u00e3o do territ\u00f3rio visando a melhoria da qualidade de vida das pessoas.<\/p>\n    <\/div>\n\n  \n  [\/vc_column_inner][\/vc_row_inner][vc_row_inner][vc_column_inner width=&#8221;1\/2&#8243;]\n    <div class=\"dustrial-picons-6a965b0203fb4  featured-item wow fadeInUp\">\n            <div class=\"featured-icon\">\n        <i class=\"fa fa-user-o\"><\/i>\n      <\/div>\n            <h5 class=\"featured-item-title\">Valores<\/h5>\n      <p class=\"featured-content\">Compromisso, \u00c9tica, Excel\u00eancia e Solidariedade<\/p>\n    <\/div>\n\n  \n  [\/vc_column_inner][vc_column_inner width=&#8221;1\/2&#8243;]\n    <div class=\"dustrial-picons-6a965b0203fd2  featured-item wow fadeInUp\">\n            <div class=\"featured-icon\">\n        <i class=\"fa fa-cogs\"><\/i>\n      <\/div>\n            <h5 class=\"featured-item-title\">Dom\u00ednios<\/h5>\n      <p class=\"featured-content\">Ordenamento do territ\u00f3rio e planeamento urban\u00edstico, Cadastro predial, Cartografia e geodesia e Infraestruturas de Dados Espaciais de Cabo Verde (IDE-CV).<\/p>\n    <\/div>\n\n  \n  [\/vc_column_inner][\/vc_row_inner][vc_separator]\n    <div class=\" dustrial-stitle-6a965b0203fed section-title  wow fadeInUp\">\n      <div class=\"section-thumb\"><img decoding=\"async\" src=\"https:\/\/ingt.gov.cv\/ingt\/wp-content\/uploads\/2019\/10\/ingt_.png\" alt=\"title icon\"><\/div>\n      <div class=\"section-body\">\n        <h6 class=\"sub-title activeColor\"><\/h6>\n        <h3 class=\"m-0 main-title\">Desde 2014<\/h3>\n      <\/div>\n    <\/div>\n\n  [vc_row_inner][vc_column_inner width=&#8221;1\/3&#8243;][vc_column_text]<\/p>\n<h2 class=\"\">75<\/h2>\n<h5 class=\"m-0\">Planos Territoriais<\/h5>\n<p>[\/vc_column_text][\/vc_column_inner][vc_column_inner width=&#8221;1\/3&#8243;][vc_column_text]<\/p>\n<h2 class=\"\">106058<\/h2>\n<h5 class=\"m-0\">Pr\u00e9dios Cadastrados<\/h5>\n<p>[\/vc_column_text][\/vc_column_inner][vc_column_inner width=&#8221;1\/3&#8243;][\/vc_column_inner][\/vc_row_inner][\/vc_column][\/vc_row][vc_row css=&#8221;.vc_custom_1635169634476{padding-top: 10px !important;padding-bottom: 40px !important;}&#8221;][vc_column][vc_row_inner][vc_column_inner]\n    <div class=\"col-lg-8 offset-lg-2 col-md-10 offset-md-1 col-sm-12 col-12\">\n      <div class=\" dustrial-stitle-6a965b020408d section-title-three text-center wow fadeInUp\">\n        <h2><strong>Destaques<\/strong><\/h2>\n        <p>A INGT possui uma vasta rede de informa\u00e7\u00f5es de gest\u00e3o territorial de Cabo Verde. Consulte os nossos servi\u00e7os e saiba mais informa\u00e7\u00f5es.<\/p>\n      <\/div>\n    <\/div>\n\n    [\/vc_column_inner][\/vc_row_inner][vc_row_inner equal_height=&#8221;yes&#8221;][vc_column_inner]    <div class=\"row\">\n              <div class=\"col-lg-3 col-md-6 col-12\">\n          <div class=\"h3-single-featured wow fadeInLeft\">\n            <div class=\"h3-single-featured-thumb\">\n              <img decoding=\"async\" class=\"img-fluid\" src=\"https:\/\/ingt.gov.cv\/ingt\/wp-content\/uploads\/2019\/10\/aerial-photography-aerial-shot-aerial-view-2002587.jpg\" alt=\"Cadastro Predial\">\n              <div class=\"h3-single-featured-overlay\">\n                <div class=\"h3-single-featured-details\">\n                  <h4 class=\"h3-single-featured-title\">Cadastro Predial<\/h4>\n                  <p>Cadastro Predial.<\/p>\n                  <a href=\"http:\/\/ingt.gov.cv\/ingt\/Servi%C3%A7os\/cadastro-predial\/\" class=\"btn btn-primary\">Ver mais<\/a>\n                <\/div>\n              <\/div>\n            <\/div>\n          <\/div>\n        <\/div>\n              <div class=\"col-lg-3 col-md-6 col-12\">\n          <div class=\"h3-single-featured wow fadeInUp\">\n            <div class=\"h3-single-featured-thumb\">\n              <img decoding=\"async\" class=\"img-fluid\" src=\"https:\/\/ingt.gov.cv\/ingt\/wp-content\/uploads\/2018\/12\/h3-featured-one.jpg\" alt=\"Consulta P\u00fablica\">\n              <div class=\"h3-single-featured-overlay\">\n                <div class=\"h3-single-featured-details\">\n                  <h4 class=\"h3-single-featured-title\">Consulta P\u00fablica<\/h4>\n                  <p>Documentos disponibilizados para o p\u00fablico.<\/p>\n                  <a href=\"https:\/\/ingt.gov.cv\/ingt\/documentos\/#42-76-consulta-publica\" class=\"btn btn-primary\">Ver mais<\/a>\n                <\/div>\n              <\/div>\n            <\/div>\n          <\/div>\n        <\/div>\n              <div class=\"col-lg-3 col-md-6 col-12\">\n          <div class=\"h3-single-featured wow fadeInRight\">\n            <div class=\"h3-single-featured-thumb\">\n              <img decoding=\"async\" class=\"img-fluid\" src=\"https:\/\/ingt.gov.cv\/ingt\/wp-content\/uploads\/2018\/12\/h3-featured-three.jpg\" alt=\"Concursos\">\n              <div class=\"h3-single-featured-overlay\">\n                <div class=\"h3-single-featured-details\">\n                  <h4 class=\"h3-single-featured-title\">Concursos<\/h4>\n                  <p>Consulte os concursos dispon\u00edveis.<\/p>\n                  <a href=\"http:\/\/ingt.gov.cv\/ingt\/documentos\/#32-concursos\" class=\"btn btn-primary\">Ver Mais<\/a>\n                <\/div>\n              <\/div>\n            <\/div>\n          <\/div>\n        <\/div>\n              <div class=\"col-lg-3 col-md-6 col-12\">\n          <div class=\"h3-single-featured wow \">\n            <div class=\"h3-single-featured-thumb\">\n              <img decoding=\"async\" class=\"img-fluid\" src=\"https:\/\/ingt.gov.cv\/ingt\/wp-content\/uploads\/2019\/11\/arton132519.jpg\" alt=\"Infraestruturas de Dados Espaciais\">\n              <div class=\"h3-single-featured-overlay\">\n                <div class=\"h3-single-featured-details\">\n                  <h4 class=\"h3-single-featured-title\">Infraestruturas de Dados Espaciais<\/h4>\n                  <p>IDECV - Plataforma tecnol\u00f3gica criada com dados geoespaciais e georreferenciados.<\/p>\n                  <a href=\"https:\/\/ingt.gov.cv\/ingt\/Servi%C3%A7os\/idecv\/\" class=\"btn btn-primary\">Ver mais<\/a>\n                <\/div>\n              <\/div>\n            <\/div>\n          <\/div>\n        <\/div>\n          <\/div>\n  [\/vc_column_inner][\/vc_row_inner][\/vc_column][\/vc_row][vc_row full_width=&#8221;stretch_row_content_no_spaces&#8221; css=&#8221;.vc_custom_1542109584594{padding-right: 0px !important;padding-left: 0px !important;}&#8221;][vc_column css=&#8221;.vc_custom_1542109616968{padding-right: 0px !important;padding-left: 0px !important;}&#8221;] \n\n  <!-- h3 Inspiring Solution Section -->\n  <div class=\"h3-inspiring bg-black-overlay\" style=\"background-image: url( https:\/\/ingt.gov.cv\/ingt\/wp-content\/uploads\/2019\/10\/A_MG_3573-e1572875375121.jpg );\">\n    <div class=\"container\">\n      <div class=\"row\">\n        <div class=\"col-lg-6 d-flex justify-content-center mb-4 mt-4\">\n          <div class=\"block\">\n              <a class=\"video-play-button-two popup-vimeo\" href=\"https:\/\/www.youtube.com\/watch?v=2gyWK52VnbI\"><i class=\"fa fa-play\" aria-hidden=\"true\"><\/i><\/a>\n          <\/div>\n        <\/div>\n        <div class=\"col-lg-6\">\n          <div class=\"block\">\n            <div class=\" dustrial-stitle-6a965b02049e8 inspiring-section-title wow fadeInUp\">\n              <h3 class=\"subtitle activeColor\"><\/h3>\n              <h1 class=\"inspiring-title text-light\">Opera\u00e7\u00e3o de Execu\u00e7\u00e3o do Cadastro Predial<\/h1>\n            <\/div>\n            <p class=\" dustrial-stitle-6a965b02049e8 content text-light mb-4 mt-4 mb-lg-5 wow fadeInUp\"><\/p>\n            <div class=\"inspiring-by\">\n              <img decoding=\"async\" src=\"https:\/\/ingt.gov.cv\/ingt\/wp-content\/uploads\/2019\/12\/ingt-branco-pequeno-3-e1576859126247.png\" alt=\"signature\">\n              <h5 class=\"inspiring-author text-light\"><\/h5>\n              <h6 class=\" dustrial-stitle-6a965b02049e8 inspiring-author-role activeColor\"><\/h6>\n            <\/div>\n          <\/div>\n        <\/div>\n      <\/div>\n    <\/div>\n  <\/div>\n  <!-- End h3 Inspiring Solution Section -->\n\n  [\/vc_column][\/vc_row][vc_row css=&#8221;.vc_custom_1545397126698{padding-top: 96px !important;padding-bottom: 70px !important;}&#8221;][vc_column]\n    <div class=\"col-lg-8 offset-lg-2 col-md-10 offset-md-1 col-sm-12 col-12\">\n      <div class=\" dustrial-stitle-6a965b0204e8b section-title-three text-center wow fadeInUp\">\n        <h2>\u00daltimas <strong>Not\u00edcias<\/strong><\/h2>\n        <p>Siga as \u00faltimas actividades do INGT no hist\u00f3rico de not\u00edcias.<\/p>\n      <\/div>\n    <\/div>\n\n    [vc_row_inner][vc_column_inner]\n  <script>\n    jQuery(document).ready(function($) {\n      $(\"#blog-list\").owlCarousel({\n        loop: true,\n        margin: 0,\n        responsiveClass: true,\n        navigation: true,\n        navText: [\"<i class='fa fa-angle-left'><\/i>\", \"<i class='fa fa-angle-right'><\/i>\"],\n        nav: true,\n        items: 3,\n        smartSpeed: 1000,\n        dots: true,\n        autoplay: true,\n        mouseDrag:1000,\n        autoplayTimeout: 4000,\n        center: false,\n        responsive: {\n            0: {\n                items: 1            },\n            766: {\n                items: 1            },\n            767: {\n                items: 2            },\n            990: {\n                items: 2            },\n            991: {\n                items: 3            }\n        }\n      });\n    });\n  <\/script>\n\n      <div class=\"row\">\n      \n      <div class=\"col-12 col-md-6 col-lg-4\">\n        <div class=\"single-blog\">\n                        <div class=\"single-blog-thumb\">\n                <a href=\"https:\/\/ingt.gov.cv\/ingt\/apresentacao\/\">\n                  <img loading=\"lazy\" decoding=\"async\" width=\"362\" height=\"262\" src=\"https:\/\/ingt.gov.cv\/ingt\/wp-content\/uploads\/2019\/01\/convite-pots-362x262.png\" class=\"img-fluid wp-post-image\" alt=\"\" \/>                  <span class=\"icon\"><i class=\"fa fa-link\"><\/i><\/span>\n                <\/a>\n              <\/div>\n                        <div class=\"content\">\n            <div class=\"entry-meta\">\n                              <div class=\"author\">\n                  By <a href=\"https:\/\/ingt.gov.cv\/ingt\/author\/admin\/\">INGT<\/a>\n                <\/div>\n                              <div class=\"month\">\n                  <a href=\"https:\/\/ingt.gov.cv\/ingt\/apresentacao\/\">10 de Outubro, 2019<\/a>\n                <\/div>\n                          <\/div>\n            <a href=\"https:\/\/ingt.gov.cv\/ingt\/apresentacao\/\" class=\"entry-title\">Apresenta\u00e7\u00e3o p\u00fablica dos Planos de Ordenamento Tur\u00edstico \u2013 POT\u2019s de Morrinho Branco, Ponta Serena e Santa Maria Oeste<\/a>\n            <p class=\"entry-content\">Realiza-se nesta quinta-feira, dia 10 de outubro, pelas 9 horas, na&nbsp;C\u00e2mara Municipal do Sal, a apresenta\u00e7\u00e3o p\u00fablica dos<\/p>\n          <\/div>\n          <div class=\"entry-meta-footer\">\n            <a href=\"https:\/\/ingt.gov.cv\/ingt\/apresentacao\/\" class=\"read-more\">Read More <i class=\"fa fa-angle-right\" aria-hidden=\"true\"><\/i><\/a>\n                          <a href=\"https:\/\/ingt.gov.cv\/ingt\/apresentacao\/#respond\"> <i class=\"fa fa-comments-o\" aria-hidden=\"true\"><\/i> Comments: 0<\/a>\n                      <\/div>\n        <\/div>\n      <\/div>\n      \n      <div class=\"col-12 col-md-6 col-lg-4\">\n        <div class=\"single-blog\">\n                        <div class=\"single-blog-thumb\">\n                <a href=\"https:\/\/ingt.gov.cv\/ingt\/government-pressure-on-the-local-industry-to-close\/\">\n                  <img loading=\"lazy\" decoding=\"async\" width=\"362\" height=\"262\" src=\"https:\/\/ingt.gov.cv\/ingt\/wp-content\/uploads\/2019\/01\/banner-cadastro-sao-vicente-3-1024x321-362x262.jpg\" class=\"img-fluid wp-post-image\" alt=\"\" \/>                  <span class=\"icon\"><i class=\"fa fa-link\"><\/i><\/span>\n                <\/a>\n              <\/div>\n                        <div class=\"content\">\n            <div class=\"entry-meta\">\n                              <div class=\"author\">\n                  By <a href=\"https:\/\/ingt.gov.cv\/ingt\/author\/admin\/\">INGT<\/a>\n                <\/div>\n                              <div class=\"month\">\n                  <a href=\"https:\/\/ingt.gov.cv\/ingt\/government-pressure-on-the-local-industry-to-close\/\">11 de Setembro, 2019<\/a>\n                <\/div>\n                          <\/div>\n            <a href=\"https:\/\/ingt.gov.cv\/ingt\/government-pressure-on-the-local-industry-to-close\/\" class=\"entry-title\">Opera\u00e7\u00e3o do Cadastro Predial Cidade do Mindelo<\/a>\n            <p class=\"entry-content\">A Opera\u00e7\u00e3o do Cadastro Predial Cidade do Mindelo, informa aos propriet\u00e1rios de casas, terrenos e ou quaisquer tipos<\/p>\n          <\/div>\n          <div class=\"entry-meta-footer\">\n            <a href=\"https:\/\/ingt.gov.cv\/ingt\/government-pressure-on-the-local-industry-to-close\/\" class=\"read-more\">Read More <i class=\"fa fa-angle-right\" aria-hidden=\"true\"><\/i><\/a>\n                          <a href=\"https:\/\/ingt.gov.cv\/ingt\/government-pressure-on-the-local-industry-to-close\/#respond\"> <i class=\"fa fa-comments-o\" aria-hidden=\"true\"><\/i> Comments: 0<\/a>\n                      <\/div>\n        <\/div>\n      <\/div>\n      \n      <div class=\"col-12 col-md-6 col-lg-4\">\n        <div class=\"single-blog\">\n                        <div class=\"single-blog-thumb\">\n                <a href=\"https:\/\/ingt.gov.cv\/ingt\/cable-satellite-tv-production-distribution\/\">\n                  <img loading=\"lazy\" decoding=\"async\" width=\"362\" height=\"262\" src=\"https:\/\/ingt.gov.cv\/ingt\/wp-content\/uploads\/2019\/09\/pot-baia-das-gatas-1-362x262.jpg\" class=\"img-fluid wp-post-image\" alt=\"\" \/>                  <span class=\"icon\"><i class=\"fa fa-link\"><\/i><\/span>\n                <\/a>\n              <\/div>\n                        <div class=\"content\">\n            <div class=\"entry-meta\">\n                              <div class=\"author\">\n                  By <a href=\"https:\/\/ingt.gov.cv\/ingt\/author\/admin\/\">INGT<\/a>\n                <\/div>\n                              <div class=\"month\">\n                  <a href=\"https:\/\/ingt.gov.cv\/ingt\/cable-satellite-tv-production-distribution\/\">4 de Setembro, 2019<\/a>\n                <\/div>\n                          <\/div>\n            <a href=\"https:\/\/ingt.gov.cv\/ingt\/cable-satellite-tv-production-distribution\/\" class=\"entry-title\">Plano de Ordenamento Tur\u00edstico da Zona de Desenvolvimento Tur\u00edstico Integral de Sul de Ba\u00eda das Gatas<\/a>\n            <p class=\"entry-content\">As pe\u00e7as obrigat\u00f3rias dos referidos planos est\u00e3o expostas nas instala\u00e7\u00f5es do INGT. Seguem anexo os arquivos para consulta:<\/p>\n          <\/div>\n          <div class=\"entry-meta-footer\">\n            <a href=\"https:\/\/ingt.gov.cv\/ingt\/cable-satellite-tv-production-distribution\/\" class=\"read-more\">Read More <i class=\"fa fa-angle-right\" aria-hidden=\"true\"><\/i><\/a>\n                          <a href=\"https:\/\/ingt.gov.cv\/ingt\/cable-satellite-tv-production-distribution\/#respond\"> <i class=\"fa fa-comments-o\" aria-hidden=\"true\"><\/i> Comments: 0<\/a>\n                      <\/div>\n        <\/div>\n      <\/div>\n          <\/div>\n\n  [\/vc_column_inner][\/vc_row_inner][\/vc_column][\/vc_row][vc_row full_width=&#8221;stretch_row_content_no_spaces&#8221;][vc_column css=&#8221;.vc_custom_1544260752655{padding-bottom: 1px !important;}&#8221;][vc_separator css=&#8221;.vc_custom_1544260675030{margin-bottom: 0px !important;}&#8221;][\/vc_column][\/vc_row][vc_row][vc_column]\n  <script>\n    jQuery(document).ready(function($) {\n      $(\"#client-carousel-items3bde9d8b4a069b62b43bdbe2f7737ab1\").owlCarousel({\n        loop: true,\n        margin: 30,\n        responsiveClass: true,\n        navigation: true,\n        navText: [\"<i class='fa fa-angle-left'><\/i>\", \"<i class='fa fa-angle-right'><\/i>\"],\n        nav: false,\n        items: 6,\n        smartSpeed: 1000,\n        dots: true,\n        autoplay: false,\n        mouseDrag:true,\n        autoplayTimeout: 4000,\n        center: false,\n        responsive: {\n            0: {\n                items: 2            },\n            480: {\n                items: 3            },\n            760: {\n                items: 6            }\n        }\n      });\n    });\n  <\/script>\n\n  <div id=\"client-carousel-items3bde9d8b4a069b62b43bdbe2f7737ab1\" class=\"owl-carousel\">\n          <div class=\"client-logo-table\">\n        <div class=\"client-logo-tablecell\">\n          <img decoding=\"async\" src=\"https:\/\/ingt.gov.cv\/ingt\/wp-content\/uploads\/2019\/11\/CMBV.jpg\" alt=\"sponsored-img\">\n        <\/div>\n      <\/div>\n          <div class=\"client-logo-table\">\n        <div class=\"client-logo-tablecell\">\n          <img decoding=\"async\" src=\"https:\/\/ingt.gov.cv\/ingt\/wp-content\/uploads\/2019\/11\/anmcv.jpg\" alt=\"sponsored-img\">\n        <\/div>\n      <\/div>\n          <div class=\"client-logo-table\">\n        <div class=\"client-logo-tablecell\">\n          <img decoding=\"async\" src=\"https:\/\/ingt.gov.cv\/ingt\/wp-content\/uploads\/2019\/11\/CMM.jpg\" alt=\"sponsored-img\">\n        <\/div>\n      <\/div>\n          <div class=\"client-logo-table\">\n        <div class=\"client-logo-tablecell\">\n          <img decoding=\"async\" src=\"https:\/\/ingt.gov.cv\/ingt\/wp-content\/uploads\/2019\/11\/CMRB.jpg\" alt=\"sponsored-img\">\n        <\/div>\n      <\/div>\n          <div class=\"client-logo-table\">\n        <div class=\"client-logo-tablecell\">\n          <img decoding=\"async\" src=\"https:\/\/ingt.gov.cv\/ingt\/wp-content\/uploads\/2019\/11\/CMRGS.jpg\" alt=\"sponsored-img\">\n        <\/div>\n      <\/div>\n          <div class=\"client-logo-table\">\n        <div class=\"client-logo-tablecell\">\n          <img decoding=\"async\" src=\"https:\/\/ingt.gov.cv\/ingt\/wp-content\/uploads\/2019\/11\/CMS.jpg\" alt=\"sponsored-img\">\n        <\/div>\n      <\/div>\n          <div class=\"client-logo-table\">\n        <div class=\"client-logo-tablecell\">\n          <img decoding=\"async\" src=\"https:\/\/ingt.gov.cv\/ingt\/wp-content\/uploads\/2019\/11\/CMT.jpg\" alt=\"sponsored-img\">\n        <\/div>\n      <\/div>\n          <div class=\"client-logo-table\">\n        <div class=\"client-logo-tablecell\">\n          <img decoding=\"async\" src=\"https:\/\/ingt.gov.cv\/ingt\/wp-content\/uploads\/2019\/11\/CMSLO.jpg\" alt=\"sponsored-img\">\n        <\/div>\n      <\/div>\n          <div class=\"client-logo-table\">\n        <div class=\"client-logo-tablecell\">\n          <img decoding=\"async\" src=\"https:\/\/ingt.gov.cv\/ingt\/wp-content\/uploads\/2019\/11\/CMSD.jpg\" alt=\"sponsored-img\">\n        <\/div>\n      <\/div>\n          <div class=\"client-logo-table\">\n        <div class=\"client-logo-tablecell\">\n          <img decoding=\"async\" src=\"https:\/\/ingt.gov.cv\/ingt\/wp-content\/uploads\/2019\/11\/CMSCF.jpg\" alt=\"sponsored-img\">\n        <\/div>\n      <\/div>\n          <div class=\"client-logo-table\">\n        <div class=\"client-logo-tablecell\">\n          <img decoding=\"async\" src=\"https:\/\/ingt.gov.cv\/ingt\/wp-content\/uploads\/2019\/11\/CMSC.jpg\" alt=\"sponsored-img\">\n        <\/div>\n      <\/div>\n          <div class=\"client-logo-table\">\n        <div class=\"client-logo-tablecell\">\n          <img decoding=\"async\" src=\"https:\/\/ingt.gov.cv\/ingt\/wp-content\/uploads\/2019\/11\/cv_tradeinvest.jpg\" alt=\"sponsored-img\">\n        <\/div>\n      <\/div>\n          <div class=\"client-logo-table\">\n        <div class=\"client-logo-tablecell\">\n          <img decoding=\"async\" src=\"https:\/\/ingt.gov.cv\/ingt\/wp-content\/uploads\/2019\/11\/IFH.jpg\" alt=\"sponsored-img\">\n        <\/div>\n      <\/div>\n          <div class=\"client-logo-table\">\n        <div class=\"client-logo-tablecell\">\n          <img decoding=\"async\" src=\"https:\/\/ingt.gov.cv\/ingt\/wp-content\/uploads\/2019\/11\/INE.jpg\" alt=\"sponsored-img\">\n        <\/div>\n      <\/div>\n          <div class=\"client-logo-table\">\n        <div class=\"client-logo-tablecell\">\n          <img decoding=\"async\" src=\"https:\/\/ingt.gov.cv\/ingt\/wp-content\/uploads\/2019\/11\/MIOTH.jpg\" alt=\"sponsored-img\">\n        <\/div>\n      <\/div>\n          <div class=\"client-logo-table\">\n        <div class=\"client-logo-tablecell\">\n          <img decoding=\"async\" src=\"https:\/\/ingt.gov.cv\/ingt\/wp-content\/uploads\/2019\/11\/nosi.jpg\" alt=\"sponsored-img\">\n        <\/div>\n      <\/div>\n          <div class=\"client-logo-table\">\n        <div class=\"client-logo-tablecell\">\n          <img decoding=\"async\" src=\"https:\/\/ingt.gov.cv\/ingt\/wp-content\/uploads\/2019\/11\/UNICV.jpg\" alt=\"sponsored-img\">\n        <\/div>\n      <\/div>\n          <div class=\"client-logo-table\">\n        <div class=\"client-logo-tablecell\">\n          <img decoding=\"async\" src=\"https:\/\/ingt.gov.cv\/ingt\/wp-content\/uploads\/2019\/11\/RNI.jpg\" alt=\"sponsored-img\">\n        <\/div>\n      <\/div>\n      <\/div>\n[\/vc_column][\/vc_row]<\/p>\n","protected":false},"excerpt":{"rendered":"<p>[vc_row full_width=&#8221;stretch_row_content_no_spaces&#8221; css=&#8221;.vc_custom_1572544849503{padding-right: 0px !important;padding-left: 0px !important;}&#8221;][vc_column css=&#8221;.vc_custom_1542109616968{padding-right: 0px !important;padding-left: 0px !important;}&#8221;][\/vc_column][\/vc_row][vc_row css=&#8221;.vc_custom_1571937823415{padding-top: 100px !important;padding-bottom: 66px !important;}&#8221; el_class=&#8221;responsive-cols&#8221;][vc_column width=&#8221;1\/2&#8243; css=&#8221;.vc_custom_1542109616968{padding-right: 0px !important;padding-left: 0px !important;}&#8221;][vc_single_image image=&#8221;2806&#8243; img_size=&#8221;full&#8221; css=&#8221;.vc_custom_1777983754276{padding-right: 35px !important;}&#8221;][\/vc_column][vc_column width=&#8221;1\/2&#8243;][vc_row_inner][vc_column_inner width=&#8221;1\/2&#8243;][\/vc_column_inner][vc_column_inner width=&#8221;1\/2&#8243;][\/vc_column_inner][\/vc_row_inner][vc_row_inner][vc_column_inner width=&#8221;1\/2&#8243;][\/vc_column_inner][vc_column_inner width=&#8221;1\/2&#8243;][\/vc_column_inner][\/vc_row_inner][vc_separator][vc_row_inner][vc_column_inner width=&#8221;1\/3&#8243;][vc_column_text] 75 Planos Territoriais [\/vc_column_text][\/vc_column_inner][vc_column_inner width=&#8221;1\/3&#8243;][vc_column_text] 106058 Pr\u00e9dios Cadastrados [\/vc_column_text][\/vc_column_inner][vc_column_inner width=&#8221;1\/3&#8243;][\/vc_column_inner][\/vc_row_inner][\/vc_column][\/vc_row][vc_row css=&#8221;.vc_custom_1635169634476{padding-top: 10px !important;padding-bottom: 40px !important;}&#8221;][vc_column][vc_row_inner][vc_column_inner][\/vc_column_inner][\/vc_row_inner][vc_row_inner equal_height=&#8221;yes&#8221;][vc_column_inner][\/vc_column_inner][\/vc_row_inner][\/vc_column][\/vc_row][vc_row full_width=&#8221;stretch_row_content_no_spaces&#8221; css=&#8221;.vc_custom_1542109584594{padding-right: 0px !important;padding-left: [&hellip;]<\/p>\n","protected":false},"author":1,"featured_media":2432,"parent":0,"menu_order":0,"comment_status":"closed","ping_status":"closed","template":"page-template\/blank-page.php","meta":{"_monsterinsights_skip_tracking":false,"_monsterinsights_sitenote_active":false,"_monsterinsights_sitenote_note":"","_monsterinsights_sitenote_category":0,"footnotes":""},"jetpack_sharing_enabled":true,"_links":{"self":[{"href":"https:\/\/ingt.gov.cv\/ingt\/wp-json\/wp\/v2\/pages\/15"}],"collection":[{"href":"https:\/\/ingt.gov.cv\/ingt\/wp-json\/wp\/v2\/pages"}],"about":[{"href":"https:\/\/ingt.gov.cv\/ingt\/wp-json\/wp\/v2\/types\/page"}],"author":[{"embeddable":true,"href":"https:\/\/ingt.gov.cv\/ingt\/wp-json\/wp\/v2\/users\/1"}],"replies":[{"embeddable":true,"href":"https:\/\/ingt.gov.cv\/ingt\/wp-json\/wp\/v2\/comments?post=15"}],"version-history":[{"count":264,"href":"https:\/\/ingt.gov.cv\/ingt\/wp-json\/wp\/v2\/pages\/15\/revisions"}],"predecessor-version":[{"id":3775,"href":"https:\/\/ingt.gov.cv\/ingt\/wp-json\/wp\/v2\/pages\/15\/revisions\/3775"}],"wp:featuredmedia":[{"embeddable":true,"href":"https:\/\/ingt.gov.cv\/ingt\/wp-json\/wp\/v2\/media\/2432"}],"wp:attachment":[{"href":"https:\/\/ingt.gov.cv\/ingt\/wp-json\/wp\/v2\/media?parent=15"}],"curies":[{"name":"wp","href":"https:\/\/api.w.org\/{rel}","templated":true}]}}